{"id":2038,"date":"2021-09-16T11:06:20","date_gmt":"2021-09-16T09:06:20","guid":{"rendered":"https:\/\/uncjr.ro\/web\/?page_id=2038"},"modified":"2021-09-17T10:49:40","modified_gmt":"2021-09-17T08:49:40","slug":"2038-2","status":"publish","type":"page","link":"https:\/\/uncjr.ro\/web\/2038-2\/","title":{"rendered":"Curtea de Justi\u021bie a Uniunii Europene"},"content":{"rendered":"<p>[et_pb_section fb_built=&#8221;1&#8243; _builder_version=&#8221;4.10.5&#8243; _module_preset=&#8221;default&#8221; global_colors_info=&#8221;{}&#8221;][et_pb_row column_structure=&#8221;3_5,2_5&#8243; _builder_version=&#8221;4.10.5&#8243; _module_preset=&#8221;default&#8221; global_colors_info=&#8221;{}&#8221;][et_pb_column type=&#8221;3_5&#8243; _builder_version=&#8221;4.10.5&#8243; _module_preset=&#8221;default&#8221; global_colors_info=&#8221;{}&#8221;][et_pb_text _builder_version=&#8221;4.10.5&#8243; _module_preset=&#8221;default&#8221; custom_padding=&#8221;19px|||||&#8221; global_colors_info=&#8221;{}&#8221;]<\/p>\n<h1>Curtea de Justi\u021bie a Uniunii Europene<\/h1>\n<p style=\"text-align: justify;\">Curtea de Justi\u021bie a Uniunii Europene (CJUE) interpreteaz\u0103 legisla\u021bia UE pentru a se asigura c\u0103 aceasta se aplic\u0103 \u00een acela\u0219i mod \u00een toate \u021b\u0103rile membre \u0219i solu\u021bioneaz\u0103 litigiile juridice dintre guvernele na\u021bionale \u0219i institu\u021biile europene. \u00cen anumite circumstan\u021be, Curtea poate fi sesizat\u0103 de persoane fizice, \u00eentreprinderi sau organiza\u021bii care doresc s\u0103 introduc\u0103 o ac\u021biune \u00eempotriva unei institu\u021bii UE pe care o suspecteaz\u0103 c\u0103 le-a \u00eenc\u0103lcat drepturile. Curtea de Justi\u0163ie lucreaz\u0103 totodat\u0103 \u00een colaborare cu instan\u0163ele na\u0163ionale, instan\u0163e de drept comun \u00een domeniul dreptului Uniunii. Orice instan\u0163\u0103 na\u0163ional\u0103 sesizat\u0103 cu un litigiu referitor la dreptul Uniunii poate \u015fi uneori trebuie s\u0103 adreseze Cur\u0163ii de Justi\u0163ie \u00eentreb\u0103ri preliminare. \u00cen acest mod, Curtea se pronun\u0163\u0103 asupra interpret\u0103rii unei norme de drept al Uniunii sau verific\u0103 legalitatea acesteia.<\/p>\n<p style=\"text-align: justify;\">De la intrarea \u00een vigoare a\u00a0Tratatului de la Lisabona, la 1 decembrie 2009, Uniunea European\u0103 are personalitate juridic\u0103 \u0219i a preluat competen\u021bele conferite anterior Comunit\u0103\u021bii Europene. Prin urmare, dreptul comunitar a devenit dreptul Uniunii Europene \u0219i include, de asemenea, toate dispozi\u021biile adoptate \u00een trecut \u00een temeiul Tratatului privind Uniunea European\u0103, \u00een versiunea anterioar\u0103 Tratatului de la Lisabona.\u00a0<\/p>\n<div id=\"gtx-trans\" style=\"position: absolute; left: -108px; top: -8.8px;\">\n<div class=\"gtx-trans-icon\"><\/div>\n<\/div>\n<p>[\/et_pb_text][\/et_pb_column][et_pb_column type=&#8221;2_5&#8243; _builder_version=&#8221;4.10.5&#8243; _module_preset=&#8221;default&#8221; global_colors_info=&#8221;{}&#8221;][et_pb_image src=&#8221;https:\/\/uncjr.ro\/web\/wp-content\/uploads\/cjue-cour-de-justice-de-lunion-europeenne.jpg&#8221; title_text=&#8221;cjue-cour-de-justice-de-lunion-europeenne&#8221; url=&#8221;https:\/\/curia.europa.eu\/jcms\/jcms\/j_6\/ro\/&#8221; url_new_window=&#8221;on&#8221; _builder_version=&#8221;4.10.5&#8243; _module_preset=&#8221;default&#8221; animation_style=&#8221;slide&#8221; global_colors_info=&#8221;{}&#8221;][\/et_pb_image][\/et_pb_column][\/et_pb_row][et_pb_row _builder_version=&#8221;4.10.5&#8243; _module_preset=&#8221;default&#8221; global_colors_info=&#8221;{}&#8221;][et_pb_column type=&#8221;4_4&#8243; _builder_version=&#8221;4.10.5&#8243; _module_preset=&#8221;default&#8221; global_colors_info=&#8221;{}&#8221;][et_pb_text _builder_version=&#8221;4.10.5&#8243; _module_preset=&#8221;default&#8221; global_colors_info=&#8221;{}&#8221;]<\/p>\n<h3 style=\"text-align: justify;\">Ce face Curtea de Justi\u021bie a Uniunii Europene<\/h3>\n<p style=\"text-align: justify;\">Curtea pronun\u021b\u0103 hot\u0103r\u00e2ri \u00een cauzele care \u00eei sunt \u00eenaintate spre solu\u021bionare. Cele mai frecvente tipuri de cauze sunt:<\/p>\n<ul style=\"text-align: justify;\">\n<li style=\"list-style-type: none;\">\n<ul>\n<li style=\"list-style-type: none;\">\n<ul>\n<li><strong>interpretarea legisla\u021biei <\/strong>(hot\u0103r\u00e2ri preliminare) &#8211; instan\u021bele na\u021bionale ale \u021b\u0103rilor UE sunt obligate s\u0103 garanteze aplicarea corespunz\u0103toare a legisla\u021biei europene, dar exist\u0103 riscul ca instan\u021bele din \u021b\u0103ri diferite s\u0103 interpreteze legisla\u021bia \u00een mod diferit. Dac\u0103 o instan\u021b\u0103 na\u021bional\u0103 are \u00eendoieli cu privire la interpretarea sau valabilitatea unui act legislativ al UE, aceasta poate s\u0103 solicite opinia Cur\u021bii de Justi\u021bie. Acela\u0219i mecanism poate fi utilizat \u0219i pentru a determina dac\u0103 un act legislativ sau o practic\u0103 na\u021bional\u0103 este compatibil\u0103 cu dreptul UE.<\/li>\n<li><strong>respectarea legisla\u021biei <\/strong>(ac\u021biuni \u00een constatarea ne\u00eendeplinirii obliga\u021biilor sau proceduri de infringement) &#8211; este vorba despre ac\u021biuni introduse \u00eempotriva unui guvern na\u021bional care nu \u00ee\u0219i \u00eendepline\u0219te obliga\u021biile prev\u0103zute de legisla\u021bia european\u0103. Aceste ac\u021biuni pot fi ini\u021biate de\u00a0Comisia European\u0103\u00a0sau de alt\u0103 \u021bar\u0103 din UE. \u00cen cazul \u00een care \u021bara vizat\u0103 se dovede\u0219te a fi vinovat\u0103, ea are obliga\u021bia de a remedia situa\u021bia imediat. \u00cen caz contrar, se poate introduce o a doua ac\u021biune \u00eempotriva ei, care poate conduce la aplicarea unei amenzi.<\/li>\n<li><strong>anularea unor acte legislative ale UE <\/strong>(ac\u021biuni \u00een anulare) &#8211; dac\u0103 un stat membru,\u00a0Consiliul UE, Comisia sau (\u00een anumite condi\u021bii)\u00a0Parlamentul European\u00a0consider\u0103 c\u0103 un anumit act legislativ al UE \u00eencalc\u0103 drepturile fundamentale sau tratatele Uniunii, \u00eei poate cere Cur\u021bii de Justi\u021bie s\u0103 anuleze actul respectiv.<br \/>Persoanele fizice pot, de asemenea, s\u0103 solicite Cur\u021bii anularea unui act al UE care le prive\u0219te \u00een mod direct.<\/li>\n<li><strong>garantarea unei ac\u021biuni din partea UE <\/strong>(ac\u021biuni \u00een constatarea ab\u021binerii de a ac\u021biona) &#8211; Parlamentul, Consiliul \u0219i Comisia au obliga\u021bia de a adopta anumite decizii \u00een anumite situa\u021bii. Dac\u0103 nu fac acest lucru, guvernele statelor membre, celelalte institu\u021bii ale UE \u0219i (\u00een anumite condi\u021bii) persoanele fizice sau \u00eentreprinderile pot \u00eenainta o pl\u00e2ngere Cur\u021bii.<\/li>\n<li><strong>sanc\u021bionarea institu\u021biilor UE<\/strong>\u00a0(ac\u021biuni \u00een desp\u0103gubire) &#8211; orice persoan\u0103 sau \u00eentreprindere care a avut de suferit de pe urma unei ac\u021biuni sau a lipsei de ac\u021biune din partea institu\u021biilor UE sau a angaja\u021bilor acestora poate introduce o ac\u021biune \u00eempotriva lor prin intermediul Cur\u021bii.<\/li>\n<li>Curtea de Justi\u021bie\u00a0&#8211; se ocup\u0103 de cererile de hot\u0103r\u00e2re preliminar\u0103 adresate de instan\u021bele na\u021bionale \u0219i de anumite ac\u021biuni \u00een anulare \u0219i recursuri.<\/li>\n<li>Tribunalul\u00a0&#8211; se pronun\u021b\u0103 asupra ac\u021biunilor \u00een anulare introduse de persoane fizice, \u00eentreprinderi \u0219i, \u00een anumite cazuri, de guvernele UE. \u00cen practic\u0103, aceast\u0103 instan\u021b\u0103 se ocup\u0103 \u00een principal cu legisla\u021bia privind concuren\u021ba, ajutorul de stat, comer\u021bul, agricultura \u0219i m\u0103rcile comerciale.<\/li>\n<\/ul>\n<\/li>\n<\/ul>\n<\/li>\n<\/ul>\n<p style=\"text-align: justify;\">\n<h3 style=\"text-align: justify;\">Structura Cur\u021bii de Justi\u021bie a Uniunii Europene<\/h3>\n<p style=\"text-align: justify;\">Curtea de Justi\u0163ie este compus\u0103 din 27 de judec\u0103tori \u015fi 11 avoca\u0163i generali. Judec\u0103torii \u015fi avoca\u0163ii generali sunt desemna\u0163i de comun acord de guvernele statelor membre, dup\u0103 consultarea unui comitet al c\u0103rui rol este de a emite un aviz cu privire la capacitatea candida\u0163ilor de a exercita func\u0163iile respective. Mandatul acestora este de \u015fase ani \u0219i poate fi re\u00eennoit. Ace\u015ftia sunt ale\u015fi din r\u00e2ndul personalit\u0103\u021bilor care ofer\u0103 toate garan\u0163iile de independen\u0163\u0103 \u015fi care \u00eentrunesc condi\u0163iile cerute pentru exercitarea, \u00een \u0163\u0103rile lor, a celor mai \u00eenalte func\u0163ii jurisdic\u0163ionale sau a c\u0103ror competen\u0163\u0103 este recunoscut\u0103.<\/p>\n<p style=\"text-align: justify;\">Judec\u0103torii Cur\u0163ii de Justi\u021bie \u00eel desemneaz\u0103 din r\u00e2ndul lor pe pre\u015fedinte \u0219i pe vicepre\u0219edinte, pentru o perioad\u0103 de trei ani care poate fi re\u00eennoit\u0103. Pre\u015fedintele conduce lucr\u0103rile Cur\u021bii de Justi\u021bie \u015fi prezideaz\u0103 \u015fedin\u0163ele \u015fi deliber\u0103rile \u00een cazul celor mai mari complete de judecat\u0103. Vicepre\u0219edintele \u00eel asist\u0103 pe pre\u0219edinte \u00een exercitarea func\u021biilor sale \u0219i \u00eel \u00eenlocuie\u0219te \u00een caz de \u00eempiedicare.<\/p>\n<p>Avoca\u0163ii generali asist\u0103 Curtea. Ace\u015ftia au rolul de a prezenta, cu deplin\u0103 impar\u0163ialitate \u015fi \u00een deplin\u0103 independen\u0163\u0103, opinie juridic\u0103 numit\u0103 \u201econcluzii&#8221; \u00een cauzele care le sunt repartizate.<\/p>\n<p style=\"text-align: justify;\">\n<h3 style=\"text-align: justify;\">Scurt istoric<\/h3>\n<p style=\"text-align: justify;\">Orice sistem va subzista doar dac\u0103 regulile sale sunt supravegheate de c\u0103tre o autoritate independent\u0103. Mai mult, \u00eentr-o uniune de state, normele comune risc\u0103 \u2013 \u00een cazul \u00een care sunt supuse controlului instan\u021belor na\u021bionale \u2013 s\u0103 fie interpretate \u0219i aplicate diferit de la un stat la altul. Prin urmare, aplicarea uniform\u0103 a dreptului Uniunii \u00een toate statele membre ar fi astfel compromis\u0103. Acesta este motivul care a dus la \u00eenfiin\u021barea unei Cur\u021bi de Justi\u021bie a Comunit\u0103\u021bii Europene, \u00een 1952, imediat dup\u0103 crearea primei Comunit\u0103\u021bi (CECO). \u00cen 1957, aceasta a devenit organ judiciar \u0219i pentru celelalte dou\u0103 comunit\u0103\u021bi (CEE \u0219i Euratom) \u0219i, \u00een prezent, este organul judiciar al UE.<\/p>\n<p>[\/et_pb_text][\/et_pb_column][\/et_pb_row][\/et_pb_section]<\/p>\n","protected":false},"excerpt":{"rendered":"<p>Curtea de Justi\u021bie a Uniunii Europene Curtea de Justi\u021bie a Uniunii Europene (CJUE) interpreteaz\u0103 legisla\u021bia UE pentru a se asigura c\u0103 aceasta se aplic\u0103 \u00een acela\u0219i mod \u00een toate \u021b\u0103rile membre \u0219i solu\u021bioneaz\u0103 litigiile juridice dintre guvernele na\u021bionale \u0219i institu\u021biile europene. \u00cen anumite circumstan\u021be, Curtea poate fi sesizat\u0103 de persoane fizice, \u00eentreprinderi sau organiza\u021bii care [&hellip;]<\/p>\n","protected":false},"author":2,"featured_media":0,"parent":0,"menu_order":0,"comment_status":"closed","ping_status":"closed","template":"","meta":{"_et_pb_use_builder":"on","_et_pb_old_content":"","_et_gb_content_width":"","footnotes":""},"class_list":["post-2038","page","type-page","status-publish","hentry"],"_links":{"self":[{"href":"https:\/\/uncjr.ro\/web\/wp-json\/wp\/v2\/pages\/2038","targetHints":{"allow":["GET"]}}],"collection":[{"href":"https:\/\/uncjr.ro\/web\/wp-json\/wp\/v2\/pages"}],"about":[{"href":"https:\/\/uncjr.ro\/web\/wp-json\/wp\/v2\/types\/page"}],"author":[{"embeddable":true,"href":"https:\/\/uncjr.ro\/web\/wp-json\/wp\/v2\/users\/2"}],"replies":[{"embeddable":true,"href":"https:\/\/uncjr.ro\/web\/wp-json\/wp\/v2\/comments?post=2038"}],"version-history":[{"count":0,"href":"https:\/\/uncjr.ro\/web\/wp-json\/wp\/v2\/pages\/2038\/revisions"}],"wp:attachment":[{"href":"https:\/\/uncjr.ro\/web\/wp-json\/wp\/v2\/media?parent=2038"}],"curies":[{"name":"wp","href":"https:\/\/api.w.org\/{rel}","templated":true}]}}